{"id":313,"date":"2025-08-20T20:47:31","date_gmt":"2025-08-20T18:47:31","guid":{"rendered":"https:\/\/eventplusservices.com\/mote\/?page_id=313"},"modified":"2025-11-02T10:53:14","modified_gmt":"2025-11-02T09:53:14","slug":"regisztracio","status":"publish","type":"page","link":"https:\/\/eventplusservices.com\/mote\/regisztracio\/","title":{"rendered":"Regisztr\u00e1ci\u00f3"},"content":{"rendered":"\t\t<div data-elementor-type=\"wp-page\" data-elementor-id=\"313\" class=\"elementor elementor-313\" data-elementor-post-type=\"page\">\n\t\t\t\t<div class=\"elementor-element elementor-element-55f770f e-flex e-con-boxed e-con e-parent\" data-id=\"55f770f\" data-element_type=\"container\">\n\t\t\t\t\t<div class=\"e-con-inner\">\n\t\t\t\t<div class=\"elementor-element elementor-element-5285000 elementor-widget elementor-widget-text-editor\" data-id=\"5285000\" data-element_type=\"widget\" data-widget_type=\"text-editor.default\">\n\t\t\t\t<div class=\"elementor-widget-container\">\n\t\t\t\t\t\t\t\t\t<p>A kongresszus tudom\u00e1nyos \u00e9s fakultat\u00edv programjai csak a regisztr\u00e1ci\u00f3kor kapott kongresszusi n\u00e9vkit\u0171z\u0151vel l\u00e1togathat\u00f3k.<br \/>K\u00f6sz\u00f6nj\u00fck meg\u00e9rt\u00e9s\u00fcket.<\/p><h3>Regisztr\u00e1ci\u00f3s d\u00edjak<\/h3><p><em><strong>A regisztr\u00e1ci\u00f3s d\u00edjak az \u00c1FA-t tartalmazz\u00e1k.<\/strong><\/em><\/p><table class=\"table table-striped\"><tbody><tr><th align=\"left\" width=\"40%\">\u00a0<\/th><th class=\"text-center\" width=\"30%\">2025. szeptember 15-ig befizetett regisztr\u00e1ci\u00f3k eset\u00e9n<\/th><th class=\"text-center\" width=\"30%\">2025. szeptember 15. ut\u00e1n befizetett regisztr\u00e1ci\u00f3k eset\u00e9n<\/th><\/tr><tr><td><strong>MOTE tagok r\u00e9sz\u00e9re*<\/strong><\/td><td align=\"center\">70.000,-\/f\u0151<\/td><td align=\"center\">80.000,-\/f\u0151<\/td><\/tr><tr><td><strong>Nem MOTE tag r\u00e9sz\u00e9re<\/strong><\/td><td align=\"center\">80.000,-\/f\u0151<\/td><td align=\"center\">100.000,-\/f\u0151<\/td><\/tr><tr><td><strong>El\u0151ad\u00f3, elfogadott poszter absztrakt eset\u00e9n<\/strong><\/td><td align=\"center\">65.000,-\/f\u0151<\/td><td align=\"center\">75.000,-\/f\u0151<\/td><\/tr><tr><td><strong>Szakdolgoz\u00f3 &#8211; eg\u00e9szs\u00e9g\u00fcgyi v\u00e9gzetts\u00e9g\u0171**<br \/><\/strong><em>dietetikus, diplom\u00e1s \u00e1pol\u00f3, gy\u00f3gytorn\u00e1sz, hum\u00e1nkineziol\u00f3gus, ment\u00e1lhigi\u00e9n\u00e9s szakember, pszichol\u00f3gus, t\u00e1pl\u00e1lkoz\u00e1studom\u00e1nyi szakember, rekre\u00e1ci\u00f3s szakember, sz\u00fcl\u00e9szn\u0151, term\u00e9szetgy\u00f3gy\u00e1sz<\/em><strong><br \/><\/strong><\/td><td align=\"center\">50.000,-\/f\u0151<\/td><td align=\"center\">60.000,-\/f\u0151<\/td><\/tr><tr><td><strong>2025-ben IBLM vizsg\u00e1t tev\u0151 r\u00e9sztvev\u0151k r\u00e9sz\u00e9re<\/strong><\/td><td align=\"center\">35.000,-\/f\u0151<\/td><td align=\"center\">40.000,-\/f\u0151<\/td><\/tr><tr><td><strong>Nem eg\u00e9szs\u00e9g\u00fcgyi v\u00e9gzetts\u00e9g\u0171 r\u00e9sztvev\u0151***<\/strong><\/td><td align=\"center\">45.000,-\/f\u0151<\/td><td align=\"center\">55.000,-\/f\u0151<\/td><\/tr><tr><td><strong>K\u00eds\u00e9r\u0151k***<\/strong><\/td><td align=\"center\">35.000,-\/f\u0151<\/td><td align=\"center\">40.000,-\/f\u0151<\/td><\/tr><tr><td><strong>Napijegy<\/strong><\/td><td align=\"center\">&#8211;<\/td><td align=\"center\">45.000,-\/f\u0151\/nap<\/td><\/tr><\/tbody><\/table><p>* Csak rendezett tagd\u00edjfizet\u00e9s mellett \u00e9rv\u00e9nyes\u00edthet\u0151.<br \/>** Nyilv\u00e1ntart\u00e1si sz\u00e1m megad\u00e1sa sz\u00fcks\u00e9ges az akkredit\u00e1ci\u00f3hoz.<br \/>*** Akkredit\u00e1ci\u00f3t nem tartalmaz.<\/p><p><strong>A r\u00e9sztvev\u0151k regisztr\u00e1ci\u00f3s d\u00edja tartalmazza: <\/strong><\/p><ul><li>a tudom\u00e1nyos programon val\u00f3 r\u00e9szv\u00e9telt<\/li><li>a n\u00e9vkit\u0171z\u0151t<\/li><li>a ki\u00e1ll\u00edt\u00e1s megtekint\u00e9s\u00e9t<\/li><li>a programf\u00fczetet<\/li><li>a k\u00e1v\u00e9sz\u00fcneti ell\u00e1t\u00e1st<\/li><li>az akkredit\u00e1ci\u00f3s d\u00edjat<\/li><\/ul><p><em><br \/>A vonatkoz\u00f3 t\u00f6rv\u00e9nyek az \u00e9tkez\u00e9si k\u00f6lts\u00e9gek r\u00e9szletez\u00e9s\u00e9t \u00edrj\u00e1k el\u0151, \u00edgy a r\u00e9szv\u00e9teli d\u00edjak sz\u00e1ml\u00e1z\u00e1sakor a sz\u00e1ml\u00e1n MOTE tagok, nem orvos v\u00e9gzetts\u00e9g\u0171 eg\u00e9szs\u00e9g\u00fcgyi r\u00e9sztvev\u0151k \u00e9s nem MOTE tagok, valamint el\u0151ad\u00f3k eset\u00e9n 20.600 Ft k\u00e1v\u00e9sz\u00fcneti \u00e9tkez\u00e9s k\u00fcl\u00f6n sorban ker\u00fcl felt\u00fcntet\u00e9sre.<\/em><\/p><p><strong>Egyetemi hallgat\u00f3knak \u00e9rv\u00e9nyes di\u00e1kigazolv\u00e1nnyal<\/strong> a kongresszuson val\u00f3 r\u00e9szv\u00e9tel ingyenes, de regisztr\u00e1ci\u00f3hoz k\u00f6t\u00f6tt. A k\u00e1v\u00e9sz\u00fcneti ell\u00e1t\u00e1s, valamint a fakultat\u00edv ell\u00e1t\u00e1sok \u00e9s az esetleges sz\u00e1ll\u00e1s a hallgat\u00f3 saj\u00e1t k\u00f6lts\u00e9ge.<\/p><h3>Fakultat\u00edv ell\u00e1t\u00e1sok<\/h3><p><em><strong>A regisztr\u00e1ci\u00f3s d\u00edjak az \u00c1FA-t tartalmazz\u00e1k.<\/strong><\/em><\/p><table class=\"table table-striped\"><tbody><tr><th align=\"left\" width=\"40%\">\u00a0<\/th><th class=\"text-center\" width=\"30%\">2025. szeptember 15-ig fizetve<\/th><th class=\"text-center\" width=\"30%\">2025. szeptember 15. ut\u00e1n fizetve<\/th><\/tr><tr><td><strong>Sv\u00e9dasztalos T\u00c9N\u00c9 eb\u00e9d cs\u00fct\u00f6rt\u00f6k\u00f6n<\/strong><\/td><td align=\"center\">16.500,-\/f\u0151<\/td><td align=\"center\">16.500,-\/f\u0151<\/td><\/tr><tr><td><strong>Sv\u00e9dasztalos vacsora cs\u00fct\u00f6rt\u00f6k\u00f6n (T\u00c9N\u00c9 elemekkel)<\/strong><\/td><td align=\"center\">13.000,- \/f\u0151<\/td><td align=\"center\">13.000,- \/f\u0151<\/td><\/tr><tr><td><strong>Sv\u00e9dasztalos T\u00c9N\u00c9 eb\u00e9d p\u00e9nteken<\/strong><\/td><td align=\"center\">16.500,- \/f\u0151<\/td><td align=\"center\">16.500,- \/f\u0151<\/td><\/tr><tr><td><strong>Sv\u00e9dasztalos T\u00c9N\u00c9 g\u00e1lavacsora p\u00e9nteken<\/strong><\/td><td align=\"center\">18.800,- \/f\u0151<\/td><td align=\"center\">18.800,- \/f\u0151<\/td><\/tr><tr><td><strong>Sv\u00e9dasztalos T\u00c9N\u00c9 eb\u00e9d szombaton<\/strong><\/td><td align=\"center\">16.500,- \/f\u0151<\/td><td align=\"center\">16.500,- \/f\u0151<\/td><\/tr><\/tbody><\/table><p>A sv\u00e9dasztalos \u00e9tkez\u00e9sek a Teljes \u00c9rt\u00e9k\u0171 N\u00f6v\u00e9nyi \u00c9trend (T\u00c9N\u00c9) alapj\u00e1n ker\u00fcltek kialak\u00edt\u00e1sra a MOTE ir\u00e1nyelveinek megfelel\u0151en.<br \/>(A cs\u00fct\u00f6rt\u00f6ki vacsora a sz\u00e1lloda \u00e1ltal\u00e1nos b\u00fcf\u00e9vacsor\u00e1ja, amely szint\u00e9n tartalmaz T\u00c9N\u00c9 elemeket az \u00e1ltal\u00e1nos k\u00edn\u00e1lat mellett.)<\/p><div class=\"atek-info\">Az \u00e9tkez\u00e9sek csak a mi kongresszusunk r\u00e9sztvev\u0151inek k\u00e9sz\u00fclnek, ez\u00e9rt csak el\u0151zetes megrendel\u00e9s eset\u00e9n tudja a sz\u00e1lloda kongresszusunk r\u00e9sztvev\u0151inek biztos\u00edtani. Helysz\u00edni T\u00c9N\u00c9 \u00e9tkez\u00e9s megrendel\u00e9sre nincs lehet\u0151s\u00e9g.<\/div><h3>Jelentkez\u00e9s<\/h3><p><b>A konferenci\u00e1ra 2025. november 2-ig csak on-line lehet regisztr\u00e1lni a honlapon tal\u00e1lhat\u00f3 kit\u00f6ltend\u0151 fel\u00fcleten.<\/b>\u00a0A sz\u00e1ll\u00e1sra \u00e9s \u00e9tkez\u00e9sre vonatkoz\u00f3 ig\u00e9nyeket is a jelentkez\u00e9si lapon k\u00e9rj\u00fck megadni.<\/p><p style=\"font-weight: 400;\"><strong>A sz\u00e1ll\u00e1s megrendel\u00e9s legk\u00e9s\u0151bbi hat\u00e1rideje: 2025. okt\u00f3ber 5.<\/strong><\/p><p style=\"font-weight: 400;\"><strong>\u00c9tkez\u00e9s megrendel\u00e9s legk\u00e9s\u0151bbi hat\u00e1rideje: 2025. okt\u00f3ber 31.<\/strong><\/p><p>A k\u00f6tb\u00e9res sz\u00e1ll\u00e1sfoglal\u00e1sok miatt kedvezm\u00e9nyes \u00e1rakon sz\u00e1llodai f\u00e9r\u0151helyet biztos\u00edtani csak <strong>2025. okt\u00f3ber 5-ig t\u00f6rt\u00e9n\u0151 visszajelz\u00e9s eset\u00e9n<\/strong> tudunk. A lek\u00f6t\u00f6tt sz\u00e1ll\u00e1shelyeket &#8211; a rendelkez\u00e9sre \u00e1ll\u00f3 kapacit\u00e1s erej\u00e9ig &#8211; a visszajelz\u00e9sek sorrendj\u00e9ben fogjuk visszaigazolni.<\/p><p>Felh\u00edvjuk sz\u00edves figyelm\u00fcket, hogy aki k\u00e9t\u00e1gyas elhelyez\u00e9st ig\u00e9nyel, de nem jel\u00f6l meg szobat\u00e1rsat, annak az egy\u00e1gyas elhelyez\u00e9s \u00e1r\u00e1t kell fizetnie.<\/p><p>A be\u00e9rkezett regisztr\u00e1ci\u00f3 eset\u00e9n az Event Plus Services Kft a megadott e-mail c\u00edmre elk\u00fcldi a megrendelt szolg\u00e1ltat\u00e1sok visszaigazol\u00e1s\u00e1t, valamint a d\u00edjbek\u00e9r\u0151t az \u00e1tutal\u00e1ssal t\u00f6rt\u00e9n\u0151 fizet\u00e9sre. A megrendel\u00e9s a d\u00edjak befizet\u00e9s\u00e9vel v\u00e1lik v\u00e9glegess\u00e9 \u00e9s \u00e9rv\u00e9nyess\u00e9. A nem kifizetett megrendel\u00e9seket <strong>2025. okt\u00f3ber 5-\u00e9n<\/strong> t\u00f6r\u00f6lj\u00fck.<\/p><p><strong>Amennyiben a k\u00f6lts\u00e9geket munkahely vagy szponzor fizeti<\/strong>, k\u00e9rj\u00fck, hogy a k\u00f6lts\u00e9gv\u00e1llal\u00f3 nyilatkozatot \u2013 a honlapr\u00f3l let\u00f6lthet\u0151 &#8211; a c\u00e9gszer\u0171 al\u00e1\u00edr\u00e1s\u00e1val ell\u00e1tva k\u00fcldje meg a registration.eps@meetings.hu e-mail c\u00edmre. Amennyiben a k\u00f6lts\u00e9gvisel\u0151 az al\u00e1\u00edrt nyilatkozat ellen\u00e9re a v\u00e1llalt k\u00f6telezetts\u00e9g\u00e9t nem teljes\u00edti, a felmer\u00fclt k\u00f6lts\u00e9geket az \u00e9rintett r\u00e9sztvev\u0151nek kell kifizetnie, ellenkez\u0151 esetben a jelentkez\u00e9st t\u00f6r\u00f6lj\u00fck.<\/p><p><strong>Sz\u00e1ml\u00e1t csak a regisztr\u00e1ci\u00f3s lapon\/k\u00f6lts\u00e9gv\u00e1llal\u00f3 lapon jelzett c\u00edmre tudunk ki\u00e1ll\u00edtani, befizet\u00e9s\u00e9nek be\u00e9rkez\u00e9se ut\u00e1n.<\/strong><br \/><strong>A sz\u00e1mla ki\u00e1ll\u00edt\u00e1sa ut\u00e1n m\u00f3dos\u00edtott sz\u00e1ml\u00e1t k\u00fcldeni csak 9.500, &#8211; Ft adminisztr\u00e1ci\u00f3s d\u00edj ellen\u00e9ben lehets\u00e9ges. K\u00f6sz\u00f6nj\u00fck meg\u00e9rt\u00e9s\u00e9t \u00e9s egy\u00fcttm\u0171k\u00f6d\u00e9s\u00e9t!<\/strong><\/p><p>Az \u00e9tkez\u00e9sek, a sz\u00e1ll\u00e1s \u00e9s a r\u00e9szv\u00e9teli d\u00edjak k\u00f6zvet\u00edtett szolg\u00e1ltat\u00e1st tartalmaznak. A visszaigazolt jelentkez\u00e9s szerz\u0151d\u00e9snek min\u0151s\u00fcl.<\/p><p><strong>AZ ONLINE JELENTKEZ\u00c9S LEZ\u00c1RULT.<\/strong><\/p><h3>Lemond\u00e1s, m\u00f3dos\u00edt\u00e1s<\/h3><p>A szolg\u00e1ltat\u00e1sok lemond\u00e1s\u00e1t vagy m\u00f3dos\u00edt\u00e1s\u00e1t \u00edr\u00e1sban k\u00e9rj\u00fck bek\u00fcldeni a konferencia szervez\u0151 iroda c\u00edm\u00e9re.<\/p><p><strong>2025. okt\u00f3ber 5.<\/strong>\u00a0ut\u00e1n a szolg\u00e1ltat\u00e1sokat nem lehet lemondani.<br \/><strong>2025. okt\u00f3ber 6 \u2013 okt\u00f3ber 20.<\/strong> k\u00f6z\u00f6tt csak m\u00f3dos\u00edt\u00e1st (n\u00e9v illetve egy\u00e9b adatm\u00f3dos\u00edt\u00e1s) fogadunk el, ami nem lehet szolg\u00e1ltat\u00e1s lemond\u00e1s.<br \/><strong>2025. okt\u00f3ber 20. ut\u00e1n m\u00f3dos\u00edt\u00e1st nem \u00e1ll m\u00f3dunkban elfogadni.<\/strong><\/p><p><strong>A kor\u00e1bbi be\ufb01zet\u00e9sek visszat\u00e9r\u00edt\u00e9se<\/strong><br \/>a\u00a0<strong>2025. okt\u00f3ber 5-ig<\/strong>\u00a0be\u00e9rkezett lemond\u00e1sok eset\u00e9ben a be\ufb01zetett d\u00edjak 70%-\u00e1t t\u00e9r\u00edtj\u00fck vissza;<br \/>a\u00a0<strong>2025. okt\u00f3ber 6. ut\u00e1n<\/strong> \u00e9rkezett lemond\u00e1sok eset\u00e9ben a be\ufb01zetett d\u00edjakb\u00f3l visszat\u00e9r\u00edt\u00e9sre nincslehet\u0151s\u00e9g.<\/p><h3>K\u00f6lts\u00e9gv\u00e1llal\u00f3 nyilatkozat<\/h3><p><a href=\"https:\/\/eventplusservices.com\/wp-tartalom\/uploads\/sites\/3\/2025\/08\/mote2025-koltsegvallalo-nyilatkozat.docx\">Ide kattintva<\/a> let\u00f6lthet\u0151.<\/p>\t\t\t\t\t\t\t\t<\/div>\n\t\t\t\t<\/div>\n\t\t\t\t<div class=\"elementor-element elementor-element-514428c elementor-align-center elementor-hidden-desktop elementor-hidden-tablet elementor-hidden-mobile elementor-widget elementor-widget-button\" data-id=\"514428c\" data-element_type=\"widget\" data-widget_type=\"button.default\">\n\t\t\t\t<div class=\"elementor-widget-container\">\n\t\t\t\t\t\t\t\t\t<div class=\"elementor-button-wrapper\">\n\t\t\t\t\t<a class=\"elementor-button elementor-button-link elementor-size-sm\" href=\"\/mote\/jelentkezes\">\n\t\t\t\t\t\t<span class=\"elementor-button-content-wrapper\">\n\t\t\t\t\t\t\t\t\t<span class=\"elementor-button-text\">Jelentkez\u00e9s<\/span>\n\t\t\t\t\t<\/span>\n\t\t\t\t\t<\/a>\n\t\t\t\t<\/div>\n\t\t\t\t\t\t\t\t<\/div>\n\t\t\t\t<\/div>\n\t\t\t\t\t<\/div>\n\t\t\t\t<\/div>\n\t\t\t\t<\/div>\n\t\t","protected":false},"excerpt":{"rendered":"<p>A kongresszus tudom\u00e1nyos \u00e9s fakultat\u00edv programjai csak a regisztr\u00e1ci\u00f3kor kapott kongresszusi n\u00e9vkit\u0171z\u0151vel l\u00e1togathat\u00f3k.K\u00f6sz\u00f6nj\u00fck meg\u00e9rt\u00e9s\u00fcket. Regisztr\u00e1ci\u00f3s d\u00edjak A regisztr\u00e1ci\u00f3s d\u00edjak az \u00c1FA-t tartalmazz\u00e1k. \u00a0 2025. szeptember 15-ig befizetett regisztr\u00e1ci\u00f3k eset\u00e9n 2025. szeptember 15. ut\u00e1n befizetett regisztr\u00e1ci\u00f3k eset\u00e9n MOTE tagok r\u00e9sz\u00e9re* 70.000,-\/f\u0151 80.000,-\/f\u0151 Nem MOTE tag r\u00e9sz\u00e9re 80.000,-\/f\u0151 100.000,-\/f\u0151 El\u0151ad\u00f3, elfogadott poszter absztrakt eset\u00e9n 65.000,-\/f\u0151 75.000,-\/f\u0151 Szakdolgoz\u00f3 [&hellip;]<\/p>\n","protected":false},"author":4,"featured_media":0,"parent":0,"menu_order":0,"comment_status":"closed","ping_status":"closed","template":"","meta":{"footnotes":""},"class_list":["post-313","page","type-page","status-publish","hentry"],"_links":{"self":[{"href":"https:\/\/eventplusservices.com\/mote\/wp-json\/wp\/v2\/pages\/313","targetHints":{"allow":["GET"]}}],"collection":[{"href":"https:\/\/eventplusservices.com\/mote\/wp-json\/wp\/v2\/pages"}],"about":[{"href":"https:\/\/eventplusservices.com\/mote\/wp-json\/wp\/v2\/types\/page"}],"author":[{"embeddable":true,"href":"https:\/\/eventplusservices.com\/mote\/wp-json\/wp\/v2\/users\/4"}],"replies":[{"embeddable":true,"href":"https:\/\/eventplusservices.com\/mote\/wp-json\/wp\/v2\/comments?post=313"}],"version-history":[{"count":76,"href":"https:\/\/eventplusservices.com\/mote\/wp-json\/wp\/v2\/pages\/313\/revisions"}],"predecessor-version":[{"id":977,"href":"https:\/\/eventplusservices.com\/mote\/wp-json\/wp\/v2\/pages\/313\/revisions\/977"}],"wp:attachment":[{"href":"https:\/\/eventplusservices.com\/mote\/wp-json\/wp\/v2\/media?parent=313"}],"curies":[{"name":"wp","href":"https:\/\/api.w.org\/{rel}","templated":true}]}}